{"id":3792,"date":"2014-06-19T15:06:36","date_gmt":"2014-06-19T11:06:36","guid":{"rendered":"http:\/\/stmichel.re\/?page_id=3792"},"modified":"2014-06-19T15:06:36","modified_gmt":"2014-06-19T11:06:36","slug":"plan-du-site","status":"publish","type":"page","link":"https:\/\/stmichel.re\/?page_id=3792","title":{"rendered":"Plan du site"},"content":{"rendered":"<h2>Pages<\/h2><ul><li class=\"page_item page-item-14602\"><a href=\"https:\/\/stmichel.re\/?page_id=14602\">Conseils de r\u00e9visions &#8211; Rentr\u00e9e en 5\u00e8me \/ 4\u00e8me<\/a><\/li>\n<li class=\"page_item page-item-14599\"><a href=\"https:\/\/stmichel.re\/?page_id=14599\">Conseils de r\u00e9visions &#8211; Rentr\u00e9e en seconde \/ 3\u00e8me<\/a><\/li>\n<li class=\"page_item page-item-14529\"><a href=\"https:\/\/stmichel.re\/?page_id=14529\">Conseils de r\u00e9visions pour la rentr\u00e9e prochaine<\/a><\/li>\n<li class=\"page_item page-item-11626\"><a href=\"https:\/\/stmichel.re\/?page_id=11626\">Documents \u00e0 remplir pour une demande d&rsquo;inscription<\/a><\/li>\n<li class=\"page_item page-item-14607\"><a href=\"http:\/\/stmichel.re\/?page_id=14602\">Je rentre en quatri\u00e8me ou en cinqui\u00e8me<\/a><\/li>\n<li class=\"page_item page-item-13164\"><a href=\"https:\/\/stmichel.re\/?page_id=13164\">Le sport au coll\u00e8ge<\/a><\/li>\n<li class=\"page_item page-item-13172\"><a href=\"https:\/\/stmichel.re\/?page_id=13172\">Les sciences au coll\u00e8ge<\/a><\/li>\n<li class=\"page_item page-item-13317\"><a href=\"https:\/\/stmichel.re\/?page_id=13317\">Pens\u00e9e de la semaine<\/a><\/li>\n<li class=\"page_item page-item-11989\"><a href=\"https:\/\/stmichel.re\/?page_id=11989\">Politique de confidentialit\u00e9<\/a><\/li>\n<li class=\"page_item page-item-11595\"><a href=\"https:\/\/stmichel.re\/?page_id=11595\">Pr\u00e9-inscription<\/a><\/li>\n<li class=\"page_item page-item-13242\"><a href=\"https:\/\/stmichel.re\/?page_id=13242\">Projet d&rsquo;animation pastorale<\/a><\/li>\n<li class=\"page_item page-item-13148\"><a href=\"https:\/\/stmichel.re\/?page_id=13148\">Projet \u00e9cologie int\u00e9grale<\/a><\/li>\n<li class=\"page_item page-item-8 page_item_has_children\"><a href=\"https:\/\/stmichel.re\/?page_id=8\">Qui sommes nous <img src=\"https:\/\/stmichel.re\/wp_stm\/wp-includes\/images\/smilies\/icon_question.gif\" alt=\"?\" class=\"wp-smiley\" style=\"height: 1em; max-height: 1em;\" \/><\/a>\n<ul class='children'>\n\t<li class=\"page_item page-item-303\"><a href=\"https:\/\/stmichel.re\/?page_id=303\">Un peu d&rsquo;histoire&#8230;<\/a><\/li>\n\t<li class=\"page_item page-item-57\"><a href=\"https:\/\/stmichel.re\/?page_id=57\">Situation g\u00e9ographique<\/a><\/li>\n\t<li class=\"page_item page-item-1933\"><a href=\"https:\/\/stmichel.re\/?page_id=1933\">Le projet d&rsquo;\u00e9tablissement<\/a><\/li>\n\t<li class=\"page_item page-item-471\"><a href=\"https:\/\/stmichel.re\/?page_id=471\">Le projet \u00e9ducatif Lasallien<\/a><\/li>\n\t<li class=\"page_item page-item-384\"><a href=\"https:\/\/stmichel.re\/?page_id=384\">Les \u00e9quipes<\/a><\/li>\n\t<li class=\"page_item page-item-61\"><a href=\"https:\/\/stmichel.re\/?page_id=61\">Contacts<\/a><\/li>\n\t<li class=\"page_item page-item-440\"><a href=\"https:\/\/stmichel.re\/?page_id=440\">Horaires d&rsquo;ouverture<\/a><\/li>\n<\/ul>\n<\/li>\n<li class=\"page_item page-item-13138\"><a href=\"https:\/\/stmichel.re\/?page_id=13138\">R\u00e9seau La Salle<\/a><\/li>\n<li class=\"page_item page-item-13663\"><a href=\"https:\/\/stmichel.re\/?page_id=13663\">Session de remplacement DNB 2019<\/a><\/li>\n<li class=\"page_item page-item-4 page_item_has_children\"><a href=\"https:\/\/stmichel.re\/?page_id=4\">Espace \u00e9l\u00e8ves<\/a>\n<ul class='children'>\n\t<li class=\"page_item page-item-10803\"><a href=\"https:\/\/stmichel.re\/?page_id=10803\">DNB 2020<\/a><\/li>\n\t<li class=\"page_item page-item-9183\"><a href=\"https:\/\/stmichel.re\/?page_id=9183\">Restaurant scolaire<\/a><\/li>\n\t<li class=\"page_item page-item-239\"><a href=\"https:\/\/stmichel.re\/?page_id=239\">Brevet des coll\u00e8ges<\/a><\/li>\n\t<li class=\"page_item page-item-428\"><a href=\"http:\/\/www.musicstm.fr\">L&rsquo;\u00e9ducation musicale<\/a><\/li>\n\t<li class=\"page_item page-item-53\"><a href=\"https:\/\/stmichel.re\/?page_id=53\">Stage en entreprise<\/a><\/li>\n\t<li class=\"page_item page-item-939\"><a href=\"https:\/\/stmichel.re\/?page_id=939\">Le B.I.A.<\/a><\/li>\n\t<li class=\"page_item page-item-9088\"><a href=\"https:\/\/stmichel.re\/?page_id=9088\">Techno<\/a><\/li>\n<\/ul>\n<\/li>\n<li class=\"page_item page-item-6 page_item_has_children\"><a href=\"https:\/\/stmichel.re\/?page_id=6\">Espace parents<\/a>\n<ul class='children'>\n\t<li class=\"page_item page-item-59\"><a href=\"https:\/\/stmichel.re\/?page_id=59\">Options et enseignements<\/a><\/li>\n\t<li class=\"page_item page-item-3618\"><a href=\"https:\/\/stmichel.re\/?page_id=3618\">Calendrier scolaire<\/a><\/li>\n\t<li class=\"page_item page-item-929\"><a href=\"https:\/\/stmichel.re\/?page_id=929\">L&rsquo;Entr&rsquo;aide<\/a><\/li>\n\t<li class=\"page_item page-item-454\"><a href=\"https:\/\/stmichel.re\/?page_id=454\">L&rsquo;animation Pastorale<\/a><\/li>\n\t<li class=\"page_item page-item-321\"><a href=\"https:\/\/stmichel.re\/?page_id=321\">L&rsquo;APEL<\/a><\/li>\n\t<li class=\"page_item page-item-3051\"><a href=\"https:\/\/stmichel.re\/?page_id=3051\">Usage de l&rsquo;Internet<\/a><\/li>\n\t<li class=\"page_item page-item-55\"><a href=\"https:\/\/stmichel.re\/?page_id=55\">Documents \u00e0 t\u00e9l\u00e9charger<\/a><\/li>\n\t<li class=\"page_item page-item-3696\"><a href=\"https:\/\/stmichel.re\/?page_id=3696\">Inscription au coll\u00e8ge<\/a><\/li>\n<\/ul>\n<\/li>\n<li class=\"page_item page-item-2121\"><a href=\"https:\/\/stmichel.re\/?page_id=2121\">Nous contacter&#8230;<\/a><\/li>\n<li class=\"page_item page-item-3788 page_item_has_children\"><a href=\"https:\/\/stmichel.re\/?page_id=3788\">Liens<\/a>\n<ul class='children'>\n\t<li class=\"page_item page-item-3792\"><a href=\"https:\/\/stmichel.re\/?page_id=3792\">Plan du site<\/a><\/li>\n\t<li class=\"page_item page-item-3786\"><a href=\"https:\/\/stmichel.re\/?page_id=3786\">Mentions l\u00e9gales<\/a><\/li>\n\t<li class=\"page_item page-item-17\"><a href=\"https:\/\/www.ecoledirecte.com\/login\">Ecole directe<\/a><\/li>\n\t<li class=\"page_item page-item-38\"><a href=\"https:\/\/stmichel.re\/?page_id=38\">R\u00e9serv\u00e9<\/a><\/li>\n<\/ul>\n<\/li>\n<\/ul><h2>Articles par cat\u00e9gories<\/h2><ul>\n\t<li><strong>Cat\u00e9gorie : <a href=\"https:\/\/stmichel.re\/?cat=30\">APEL<\/a><\/strong>\n<ul>\t\t<li><a href=\"https:\/\/stmichel.re\/?p=11355\">Assembl\u00e9e G\u00e9n\u00e9rale de l'APEL<\/a> (18\/09\/2017)<\/li>\n\t\t<li><a href=\"https:\/\/stmichel.re\/?p=10955\">Newsletter de l'APEL<\/a> (13\/06\/2017)<\/li>\n<\/ul><\/li>\n\t<li><strong>Cat\u00e9gorie : <a href=\"https:\/\/stmichel.re\/?cat=11\">Apprentissage des langues<\/a><\/strong>\n<ul>\t\t<li><a href=\"https:\/\/stmichel.re\/?p=14897\">R\u00e9sultats des tests d'entr\u00e9e en classes \"bilangues\" 2021<\/a> (21\/06\/2021)<\/li>\n\t\t<li><a href=\"https:\/\/stmichel.re\/?p=14564\">Bilans de fin de sixi\u00e8me et cinqui\u00e8me<\/a> (26\/06\/2020)<\/li>\n\t\t<li><a href=\"https:\/\/stmichel.re\/?p=14561\">R\u00e9sultats des test d'admission en bilangue<\/a> (26\/06\/2020)<\/li>\n\t\t<li><a href=\"https:\/\/stmichel.re\/?p=13656\">R\u00e9sultats des tests d'entr\u00e9e en classes bilangues<\/a> (21\/06\/2019)<\/li>\n\t\t<li><a href=\"https:\/\/stmichel.re\/?p=13326\">Test d'entr\u00e9e en sections \"Bilangue\"<\/a> (24\/04\/2019)<\/li>\n\t\t<li><a href=\"https:\/\/stmichel.re\/?p=12829\">Les 3\u00e8mes en Chine<\/a> (19\/10\/2018)<\/li>\n\t\t<li><a href=\"https:\/\/stmichel.re\/?p=12072\">El\u00e8ves retenus en sections bilangues pour la rentr\u00e9e prochaine<\/a> (21\/06\/2018)<\/li>\n\t\t<li><a href=\"https:\/\/stmichel.re\/?p=11980\">S\u00e9jour en Allemagne<\/a> (02\/05\/2018)<\/li>\n\t\t<li><a href=\"https:\/\/stmichel.re\/?p=11833\">Tests d'entr\u00e9e en sixi\u00e8me bilangues 2018<\/a> (25\/04\/2018)<\/li>\n\t\t<li><a href=\"https:\/\/stmichel.re\/?p=11459\">Les \u00e9l\u00e8ves bilangues en Chine...<\/a> (20\/10\/2017)<\/li>\n\t\t<li><a href=\"https:\/\/stmichel.re\/?p=10960\">El\u00e8ves retenus en classes de 6\u00e8me bilangues<\/a> (21\/06\/2017)<\/li>\n\t\t<li><a href=\"https:\/\/stmichel.re\/?p=10798\">Vol 974 pour P\u00e9kin <img src=\"https:\/\/stmichel.re\/wp_stm\/wp-includes\/images\/smilies\/icon_exclaim.gif\" alt=\"!\" class=\"wp-smiley\" style=\"height: 1em; max-height: 1em;\" \/><\/a> (02\/05\/2017)<\/li>\n\t\t<li><a href=\"https:\/\/stmichel.re\/?p=10729\">S\u00e9jour en Espagne pour les 3\u00e8mes E et H<\/a> (02\/05\/2017)<\/li>\n\t\t<li><a href=\"https:\/\/stmichel.re\/?p=10672\">Tests linguistiques pour les futurs sixi\u00e8mes<\/a> (24\/04\/2017)<\/li>\n\t\t<li><a href=\"https:\/\/stmichel.re\/?p=8322\">El\u00e8ves admis en bilangues<\/a> (24\/06\/2016)<\/li>\n\t\t<li><a href=\"https:\/\/stmichel.re\/?p=8055\">Test d'entr\u00e9e en classes bilangue<\/a> (04\/06\/2016)<\/li>\n\t\t<li><a href=\"https:\/\/stmichel.re\/?p=8037\">St Michel's Gazette<\/a> (31\/05\/2016)<\/li>\n\t\t<li><a href=\"https:\/\/stmichel.re\/?p=8022\">Admissions en sections bilangues<\/a> (20\/05\/2016)<\/li>\n\t\t<li><a href=\"https:\/\/stmichel.re\/?p=7957\">Voyage en Espagne<\/a> (29\/04\/2016)<\/li>\n\t\t<li><a href=\"https:\/\/stmichel.re\/?p=7214\">S\u00e9jour en Chine...<\/a> (21\/10\/2015)<\/li>\n<\/ul><\/li>\n\t<li><strong>Cat\u00e9gorie : <a href=\"https:\/\/stmichel.re\/?cat=4\">Arts plastiques<\/a><\/strong>\n<ul>\t\t<li><a href=\"https:\/\/stmichel.re\/?p=12091\">Le coll\u00e8ge en repr\u00e9sentation \u00e0 la Cit\u00e9 des Arts<\/a> (25\/06\/2018)<\/li>\n\t\t<li><a href=\"https:\/\/stmichel.re\/?p=8052\">Semaine des talents<\/a> (04\/06\/2016)<\/li>\n\t\t<li><a href=\"https:\/\/stmichel.re\/?p=7522\">Journ\u00e9es portes ouvertes au lyc\u00e9e Ambroise Vollard<\/a> (18\/02\/2016)<\/li>\n<\/ul><\/li>\n\t<li><strong>Cat\u00e9gorie : <a href=\"https:\/\/stmichel.re\/?cat=18\">BiA<\/a><\/strong>\n<ul>\t\t<li><a href=\"https:\/\/stmichel.re\/?p=8330\">Laur\u00e9ats du BiA<\/a> (28\/06\/2016)<\/li>\n\t\t<li><a href=\"https:\/\/stmichel.re\/?p=7514\">Pr\u00e9sentation du lyc\u00e9e Airbus<\/a> (18\/02\/2016)<\/li>\n<\/ul><\/li>\n\t<li><strong>Cat\u00e9gorie : <a href=\"https:\/\/stmichel.re\/?cat=25\">Brevet des coll\u00e8ges<\/a><\/strong>\n<ul>\t\t<li><a href=\"https:\/\/stmichel.re\/?p=14638\">R\u00e9sultats du Dipl\u00f4me National du Brevet 2020<\/a> (08\/07\/2020)<\/li>\n\t\t<li><a href=\"https:\/\/stmichel.re\/?p=13846\">R\u00e9sultats du brevet<\/a> (10\/07\/2019)<\/li>\n\t\t<li><a href=\"https:\/\/stmichel.re\/?p=11842\">DNB 2018<\/a> (27\/04\/2018)<\/li>\n\t\t<li><a href=\"https:\/\/stmichel.re\/?p=11229\">R\u00e9sultats du brevet<\/a> (12\/07\/2017)<\/li>\n\t\t<li><a href=\"https:\/\/stmichel.re\/?p=10734\">Forum des m\u00e9tiers 2017<\/a> (02\/05\/2017)<\/li>\n\t\t<li><a href=\"https:\/\/stmichel.re\/?p=9893\">Recrutement des \u00e9l\u00e8ves en seconde sp\u00e9cifique h\u00f4tellerie au lyc\u00e9e h\u00f4telier La Renaissance (Plateau Caillou)<\/a> (06\/02\/2017)<\/li>\n\t\t<li><a href=\"https:\/\/stmichel.re\/?p=8376\">R\u00e9sultats du brevet<\/a> (08\/07\/2016)<\/li>\n<\/ul><\/li>\n\t<li><strong>Cat\u00e9gorie : <a href=\"https:\/\/stmichel.re\/?cat=13\">Ev\u00e8nements<\/a><\/strong>\n<ul>\t\t<li><a href=\"https:\/\/stmichel.re\/?p=15087\">Visite du lyc\u00e9e H\u00f4telier de la Renaissance<\/a> (28\/10\/2021)<\/li>\n\t\t<li><a href=\"https:\/\/stmichel.re\/?p=14918\">Pot d'adieu des \u00e9l\u00e8ves de 3\u00e8me<\/a> (06\/07\/2021)<\/li>\n\t\t<li><a href=\"https:\/\/stmichel.re\/?p=14903\">Les 5\u00e8me G au stade en eaux vives<\/a> (05\/07\/2021)<\/li>\n\t\t<li><a href=\"https:\/\/stmichel.re\/?p=14866\">Plantation de jeunes arbres au coll\u00e8ge<\/a> (03\/05\/2021)<\/li>\n\t\t<li><a href=\"https:\/\/stmichel.re\/?p=14818\">Webinaire Eco-d\u00e9l\u00e9gu\u00e9s<\/a> (03\/03\/2021)<\/li>\n\t\t<li><a href=\"https:\/\/stmichel.re\/?p=14756\">Pr\u00e9sentation du coll\u00e8ge aux familles de CM2<\/a> (26\/11\/2020)<\/li>\n\t\t<li><a href=\"https:\/\/stmichel.re\/?p=14429\">Matin\u00e9e Portes Ouvertes 2020<\/a> (08\/02\/2020)<\/li>\n\t\t<li><a href=\"https:\/\/stmichel.re\/?p=14288\">\"Ma cour de r\u00e9cr\u00e9 n'est pas une poubelle.\"<\/a> (21\/12\/2019)<\/li>\n\t\t<li><a href=\"https:\/\/stmichel.re\/?p=14273\">Revue Ecologie Int\u00e9grale<\/a> (18\/12\/2019)<\/li>\n\t\t<li><a href=\"https:\/\/stmichel.re\/?p=14259\">Conf\u00e9rence sur les plantes m\u00e9dicinales de la R\u00e9union<\/a> (05\/12\/2019)<\/li>\n\t\t<li><a href=\"https:\/\/stmichel.re\/?p=14172\">Cross 2019 - La vid\u00e9o<\/a> (05\/10\/2019)<\/li>\n\t\t<li><a href=\"https:\/\/stmichel.re\/?p=13961\">Cross 2019 - Les photos<\/a> (04\/10\/2019)<\/li>\n\t\t<li><a href=\"https:\/\/stmichel.re\/?p=13850\">Reportage \u00e0 Mafate<\/a> (22\/07\/2019)<\/li>\n\t\t<li><a href=\"https:\/\/stmichel.re\/?p=13712\">Remise des r\u00e9compenses<\/a> (08\/07\/2019)<\/li>\n\t\t<li><a href=\"https:\/\/stmichel.re\/?p=13616\">Les 5\u00e8me A en classe de mer<\/a> (20\/06\/2019)<\/li>\n\t\t<li><a href=\"https:\/\/stmichel.re\/?p=13472\">St Jean Baptiste de La Salle<\/a> (20\/06\/2019)<\/li>\n\t\t<li><a href=\"https:\/\/stmichel.re\/?p=13330\">Carrefour des vocations<\/a> (27\/04\/2019)<\/li>\n\t\t<li><a href=\"https:\/\/stmichel.re\/?p=13278\">Relais pour la vie 2019<\/a> (16\/04\/2019)<\/li>\n\t\t<li><a href=\"https:\/\/stmichel.re\/?p=13154\">Projet Ecologie Int\u00e9grale<\/a> (02\/03\/2019)<\/li>\n\t\t<li><a href=\"https:\/\/stmichel.re\/?p=13113\">Matin\u00e9e Portes Ouvertes<\/a> (23\/02\/2019)<\/li>\n\t\t<li><a href=\"https:\/\/stmichel.re\/?p=12928\">Spectacle de No\u00ebl<\/a> (22\/12\/2018)<\/li>\n\t\t<li><a href=\"https:\/\/stmichel.re\/?p=12914\">Joyeuses f\u00eates et bOnNeS vAcAnCeS \u00e0 tous.<\/a> (21\/12\/2018)<\/li>\n\t\t<li><a href=\"https:\/\/stmichel.re\/?p=12403\">Cross 2018<\/a> (05\/10\/2018)<\/li>\n\t\t<li><a href=\"https:\/\/stmichel.re\/?p=12393\">F\u00eate de la science<\/a> (03\/10\/2018)<\/li>\n\t\t<li><a href=\"https:\/\/stmichel.re\/?p=12340\">R\u00e9sultats du Brevet<\/a> (11\/07\/2018)<\/li>\n\t\t<li><a href=\"https:\/\/stmichel.re\/?p=11991\">Le club de Rock \u00e0 l'H\u00f4pital d'enfants<\/a> (09\/06\/2018)<\/li>\n\t\t<li><a href=\"https:\/\/stmichel.re\/?p=11864\">Forum des M\u00e9tiers 2018<\/a> (28\/04\/2018)<\/li>\n\t\t<li><a href=\"https:\/\/stmichel.re\/?p=11805\">Matin\u00e9e Porte Ouverte<\/a> (24\/02\/2018)<\/li>\n\t\t<li><a href=\"https:\/\/stmichel.re\/?p=11589\">Matin\u00e9e Porte Ouverte 2018<\/a> (06\/02\/2018)<\/li>\n\t\t<li><a href=\"https:\/\/stmichel.re\/?p=11564\">La 5\u00e8me A au Br\u00fbl\u00e9<\/a> (06\/02\/2018)<\/li>\n\t\t<li><a href=\"https:\/\/stmichel.re\/?p=11549\">March\u00e9 de No\u00ebl<\/a> (13\/12\/2017)<\/li>\n\t\t<li><a href=\"https:\/\/stmichel.re\/?p=11094\">Remise des prix 2017<\/a> (23\/06\/2017)<\/li>\n\t\t<li><a href=\"https:\/\/stmichel.re\/?p=10901\">L'h\u00f4pital d'enfants<\/a> (02\/06\/2017)<\/li>\n\t\t<li><a href=\"https:\/\/stmichel.re\/?p=10895\">Atelier \"Cr\u00e9ation de site Internet\"<\/a> (02\/06\/2017)<\/li>\n\t\t<li><a href=\"https:\/\/stmichel.re\/?p=10705\">Relais pour la vie 2017<\/a> (25\/04\/2017)<\/li>\n\t\t<li><a href=\"https:\/\/stmichel.re\/?p=10366\">Les 4\u00e8me C en sortie<\/a> (11\/04\/2017)<\/li>\n\t\t<li><a href=\"https:\/\/stmichel.re\/?p=9921\">La Matin\u00e9e Porte Ouverte en images...<\/a> (04\/03\/2017)<\/li>\n\t\t<li><a href=\"https:\/\/stmichel.re\/?p=9902\">Matin\u00e9e Porte Ouverte 2017<\/a> (16\/02\/2017)<\/li>\n\t\t<li><a href=\"https:\/\/stmichel.re\/?p=9863\">La Garde R\u00e9publicaine<\/a> (01\/12\/2016)<\/li>\n\t\t<li><a href=\"https:\/\/stmichel.re\/?p=9371\">Cross 2016 (avec de nouvelles photos...)<\/a> (30\/09\/2016)<\/li>\n\t\t<li><a href=\"https:\/\/stmichel.re\/?p=9211\">Les 4A au volcan<\/a> (21\/09\/2016)<\/li>\n\t\t<li><a href=\"https:\/\/stmichel.re\/?p=8462\">Eclipse au coll\u00e8ge <img src=\"https:\/\/stmichel.re\/wp_stm\/wp-includes\/images\/smilies\/icon_exclaim.gif\" alt=\"!\" class=\"wp-smiley\" style=\"height: 1em; max-height: 1em;\" \/><\/a> (01\/09\/2016)<\/li>\n\t\t<li><a href=\"https:\/\/stmichel.re\/?p=8443\">Les photos des profs <img src=\"https:\/\/stmichel.re\/wp_stm\/wp-includes\/images\/smilies\/icon_exclaim.gif\" alt=\"!\" class=\"wp-smiley\" style=\"height: 1em; max-height: 1em;\" \/><\/a> (17\/08\/2016)<\/li>\n\t\t<li><a href=\"https:\/\/stmichel.re\/?p=8311\">Les vid\u00e9os de la f\u00eate de la musique<\/a> (22\/06\/2016)<\/li>\n\t\t<li><a href=\"https:\/\/stmichel.re\/?p=8137\">F\u00eate de la musique 2016 en images<\/a> (18\/06\/2016)<\/li>\n\t\t<li><a href=\"https:\/\/stmichel.re\/?p=8065\">Les 5E \u00e0 la cit\u00e9 du volcan<\/a> (08\/06\/2016)<\/li>\n\t\t<li><a href=\"https:\/\/stmichel.re\/?p=7780\">Retour sur le Forum 2016<\/a> (16\/04\/2016)<\/li>\n\t\t<li><a href=\"https:\/\/stmichel.re\/?p=7772\">Relais pour la vie : un week end m\u00e9morable<\/a> (15\/04\/2016)<\/li>\n\t\t<li><a href=\"https:\/\/stmichel.re\/?p=7761\">Retour sur la MPO<\/a> (09\/04\/2016)<\/li>\n\t\t<li><a href=\"https:\/\/stmichel.re\/?p=7581\">Mois de l'autisme<\/a> (08\/04\/2016)<\/li>\n\t\t<li><a href=\"https:\/\/stmichel.re\/?p=7538\">Championnat d'\u00e9checs<\/a> (04\/03\/2016)<\/li>\n\t\t<li><a href=\"https:\/\/stmichel.re\/?p=7285\">Joyeux No\u00ebl...<\/a> (18\/12\/2015)<\/li>\n\t\t<li><a href=\"https:\/\/stmichel.re\/?p=7244\">Entr\u00e9e dans l'Avent<\/a> (25\/11\/2015)<\/li>\n\t\t<li><a href=\"https:\/\/stmichel.re\/?p=7218\">Les raiders de St Michel<\/a> (30\/10\/2015)<\/li>\n\t\t<li><a href=\"https:\/\/stmichel.re\/?p=6851\">Les photos des profs<\/a> (21\/08\/2015)<\/li>\n<\/ul><\/li>\n\t<li><strong>Cat\u00e9gorie : <a href=\"https:\/\/stmichel.re\/?cat=8\">Infos pratiques<\/a><\/strong>\n<ul>\t\t<li><a href=\"https:\/\/stmichel.re\/?p=15109\">R\u00e9union d'information futurs sixi\u00e8mes<\/a> (12\/11\/2021)<\/li>\n\t\t<li><a href=\"https:\/\/stmichel.re\/?p=15042\">R\u00e8glement int\u00e9rieur 2021-22<\/a> (16\/08\/2021)<\/li>\n\t\t<li><a href=\"https:\/\/stmichel.re\/?p=15038\">Cadre sanitaire de la rentr\u00e9e<\/a> (13\/08\/2021)<\/li>\n\t\t<li><a href=\"https:\/\/stmichel.re\/?p=14909\">Fournitures scolaires rentr\u00e9e 2021<\/a> (03\/07\/2021)<\/li>\n\t\t<li><a href=\"https:\/\/stmichel.re\/?p=14906\">Planning de rentr\u00e9e 2021\/22<\/a> (03\/07\/2021)<\/li>\n\t\t<li><a href=\"https:\/\/stmichel.re\/?p=14745\">Pr\u00e9-inscription au coll\u00e8ge<\/a> (08\/02\/2021)<\/li>\n\t\t<li><a href=\"https:\/\/stmichel.re\/?p=14708\">Planning des conseils de classe<\/a> (14\/11\/2020)<\/li>\n\t\t<li><a href=\"https:\/\/stmichel.re\/?p=14595\">Planning de la rentr\u00e9e 2020\/21<\/a> (10\/07\/2020)<\/li>\n\t\t<li><a href=\"https:\/\/stmichel.re\/?p=14590\">Fournitures scolaires - Rentr\u00e9e 2020\/21<\/a> (09\/07\/2020)<\/li>\n\t\t<li><a href=\"https:\/\/stmichel.re\/?p=14531\">Conseils de r\u00e9visions pour la rentr\u00e9e prochaine<\/a> (26\/06\/2020)<\/li>\n\t\t<li><a href=\"https:\/\/stmichel.re\/?p=14246\">Pr\u00e9sentation du coll\u00e8ge aux familles de CM2<\/a> (19\/11\/2019)<\/li>\n\t\t<li><a href=\"https:\/\/stmichel.re\/?p=13688\">Planning de rentr\u00e9e<\/a> (11\/08\/2019)<\/li>\n\t\t<li><a href=\"https:\/\/stmichel.re\/?p=13691\">Fournitures 2019-20<\/a> (11\/08\/2019)<\/li>\n\t\t<li><a href=\"https:\/\/stmichel.re\/?p=12856\">Pr\u00e9sentation du coll\u00e8ge aux familles de CM2<\/a> (04\/12\/2018)<\/li>\n\t\t<li><a href=\"https:\/\/stmichel.re\/?p=12842\">Pr\u00e9paration de la prochaine rentr\u00e9e pour les \u00e9l\u00e8ves venant des \u00e9tablissements publics<\/a> (14\/11\/2018)<\/li>\n\t\t<li><a href=\"https:\/\/stmichel.re\/?p=12329\">Planning de la rentr\u00e9e 2018\/19<\/a> (12\/08\/2018)<\/li>\n\t\t<li><a href=\"https:\/\/stmichel.re\/?p=11585\">CLEAR-D<\/a> (06\/02\/2018)<\/li>\n\t\t<li><a href=\"https:\/\/stmichel.re\/?p=11542\">Re\u0301union de pre\u0301sentation du colle\u0300ge<\/a> (21\/12\/2017)<\/li>\n\t\t<li><a href=\"https:\/\/stmichel.re\/?p=11475\">Conseils de classe du 1er trimestre<\/a> (15\/11\/2017)<\/li>\n\t\t<li><a href=\"https:\/\/stmichel.re\/?p=11336\">Ecole Directe<\/a> (08\/09\/2017)<\/li>\n\t\t<li><a href=\"https:\/\/stmichel.re\/?p=11306\">Scolinfo...<\/a> (21\/08\/2017)<\/li>\n\t\t<li><a href=\"https:\/\/stmichel.re\/?p=11221\">Prochaine rentr\u00e9e scolaire<\/a> (06\/07\/2017)<\/li>\n\t\t<li><a href=\"https:\/\/stmichel.re\/?p=10723\">Projet de Classes \u00e0 enseignement renforc\u00e9 \"Danse\"<\/a> (28\/04\/2017)<\/li>\n\t\t<li><a href=\"https:\/\/stmichel.re\/?p=10666\">Newsletter<\/a> (23\/04\/2017)<\/li>\n\t\t<li><a href=\"https:\/\/stmichel.re\/?p=8369\">Rentr\u00e9e scolaire<\/a> (01\/08\/2016)<\/li>\n\t\t<li><a href=\"https:\/\/stmichel.re\/?p=8394\">Calendrier scolaire<\/a> (20\/07\/2016)<\/li>\n\t\t<li><a href=\"https:\/\/stmichel.re\/?p=7578\">Matin\u00e9e Portes Ouvertes<\/a> (05\/04\/2016)<\/li>\n\t\t<li><a href=\"https:\/\/stmichel.re\/?p=7573\">R\u00e9union d'information post-3\u00e8me<\/a> (03\/04\/2016)<\/li>\n\t\t<li><a href=\"https:\/\/stmichel.re\/?p=7529\">Conseils de classe du second trimestre<\/a> (01\/03\/2016)<\/li>\n\t\t<li><a href=\"https:\/\/stmichel.re\/?p=7520\">Demande d'admission en h\u00f4tellerie<\/a> (18\/02\/2016)<\/li>\n\t\t<li><a href=\"https:\/\/stmichel.re\/?p=7235\">Conseils de classe du 1er trimestre<\/a> (07\/11\/2015)<\/li>\n<\/ul><\/li>\n\t<li><strong>Cat\u00e9gorie : <a href=\"https:\/\/stmichel.re\/?cat=41\">Math\u00e9matiques<\/a><\/strong>\n<ul>\t\t<li><a href=\"https:\/\/stmichel.re\/?p=14713\">Concours Alkindi<\/a> (14\/11\/2020)<\/li>\n\t\t<li><a href=\"https:\/\/stmichel.re\/?p=14704\">Concours Kangourou<\/a> (14\/11\/2020)<\/li>\n\t\t<li><a href=\"https:\/\/stmichel.re\/?p=13908\">Pavages math\u00e9matiques<\/a> (14\/09\/2019)<\/li>\n\t\t<li><a href=\"https:\/\/stmichel.re\/?p=13273\">Semaine des maths - Les solutions<\/a> (01\/04\/2019)<\/li>\n\t\t<li><a href=\"https:\/\/stmichel.re\/?p=13267\">Semaine des maths<\/a> (23\/03\/2019)<\/li>\n<\/ul><\/li>\n\t<li><strong>Cat\u00e9gorie : <a href=\"https:\/\/stmichel.re\/?cat=19\">Musique<\/a><\/strong>\n<ul>\t\t<li><a href=\"https:\/\/stmichel.re\/?p=13456\">Musique \u00e0 l'h\u00f4pital d'enfants<\/a> (11\/06\/2019)<\/li>\n\t\t<li><a href=\"https:\/\/stmichel.re\/?p=10973\">Des coll\u00e9giens musiciens...<\/a> (23\/06\/2017)<\/li>\n\t\t<li><a href=\"https:\/\/stmichel.re\/?p=10709\">Projet \"Danse Dr\u00f4ne\"<\/a> (25\/04\/2017)<\/li>\n\t\t<li><a href=\"https:\/\/stmichel.re\/?p=7953\">L'\u00e9cole en choeur - 2\u00e8me \u00e9dition<\/a> (28\/04\/2016)<\/li>\n<\/ul><\/li>\n\t<li><strong>Cat\u00e9gorie : <a href=\"https:\/\/stmichel.re\/?cat=1\">Non class\u00e9<\/a><\/strong>\n<ul>\t\t<li><a href=\"https:\/\/stmichel.re\/?p=1\">Bienvenue...<\/a> (15\/08\/2021)<\/li>\n\t\t<li><a href=\"https:\/\/stmichel.re\/?p=6862\">Faire un don par la Fondation de La Salle<\/a> (08\/09\/2015)<\/li>\n<\/ul><\/li>\n\t<li><strong>Cat\u00e9gorie : <a href=\"https:\/\/stmichel.re\/?cat=12\">Pastorale<\/a><\/strong>\n<ul>\t\t<li><a href=\"https:\/\/stmichel.re\/?p=14833\">Le hall du coll\u00e8ge aux couleurs de la fraternit\u00e9<\/a> (12\/04\/2021)<\/li>\n\t\t<li><a href=\"https:\/\/stmichel.re\/?p=14829\">Sortie \u00e0 St Jacques - collecte de denr\u00e9es<\/a> (12\/04\/2021)<\/li>\n\t\t<li><a href=\"https:\/\/stmichel.re\/?p=13552\">Premi\u00e8re communion<\/a> (20\/06\/2019)<\/li>\n\t\t<li><a href=\"https:\/\/stmichel.re\/?p=10281\">Spectacle \"Fr\u00e8re Scubilion\"<\/a> (07\/04\/2017)<\/li>\n<\/ul><\/li>\n\t<li><strong>Cat\u00e9gorie : <a href=\"https:\/\/stmichel.re\/?cat=40\">R\u00e9seau La Salle<\/a><\/strong>\n<ul>\t\t<li><a href=\"https:\/\/stmichel.re\/?p=13133\">R\u00e9seau La Salle<\/a> (02\/03\/2019)<\/li>\n<\/ul><\/li>\n\t<li><strong>Cat\u00e9gorie : <a href=\"https:\/\/stmichel.re\/?cat=17\">Restauration<\/a><\/strong>\n<ul>\t\t<li><a href=\"https:\/\/stmichel.re\/?p=15059\">Restaurant scolaire<\/a> (07\/09\/2021)<\/li>\n\t\t<li><a href=\"https:\/\/stmichel.re\/?p=14699\">Restaurant scolaire<\/a> (30\/10\/2020)<\/li>\n\t\t<li><a href=\"https:\/\/stmichel.re\/?p=13936\">Restauration scolaire<\/a> (18\/09\/2019)<\/li>\n\t\t<li><a href=\"https:\/\/stmichel.re\/?p=12369\">Restaurant scolaire<\/a> (16\/08\/2018)<\/li>\n\t\t<li><a href=\"https:\/\/stmichel.re\/?p=11290\">Nouveau restaurant<\/a> (17\/08\/2017)<\/li>\n\t\t<li><a href=\"https:\/\/stmichel.re\/?p=9190\">Menus de la semaine<\/a> (17\/09\/2016)<\/li>\n<\/ul><\/li>\n\t<li><strong>Cat\u00e9gorie : <a href=\"https:\/\/stmichel.re\/?cat=39\">Sciences<\/a><\/strong>\n<ul>\t\t<li><a href=\"https:\/\/stmichel.re\/?p=14749\">F\u00eate de la science 2020<\/a> (18\/11\/2020)<\/li>\n\t\t<li><a href=\"https:\/\/stmichel.re\/?p=14585\">L'Univers en vid\u00e9os<\/a> (01\/07\/2020)<\/li>\n\t\t<li><a href=\"https:\/\/stmichel.re\/?p=12836\">Retour sur la f\u00eate de la Science<\/a> (01\/11\/2018)<\/li>\n<\/ul><\/li>\n\t<li><strong>Cat\u00e9gorie : <a href=\"https:\/\/stmichel.re\/?cat=10\">Sport<\/a><\/strong>\n<ul>\t\t<li><a href=\"https:\/\/stmichel.re\/?p=13462\">Classes \"Rando\"<\/a> (18\/06\/2019)<\/li>\n\t\t<li><a href=\"https:\/\/stmichel.re\/?p=13440\">S\u00e9jour sportif \u00e0 Rodrigues<\/a> (28\/05\/2019)<\/li>\n\t\t<li><a href=\"https:\/\/stmichel.re\/?p=12864\">EPS : Projet Rando classes A<\/a> (11\/12\/2018)<\/li>\n\t\t<li><a href=\"https:\/\/stmichel.re\/?p=12060\">Championnat UNSS basket<\/a> (09\/06\/2018)<\/li>\n\t\t<li><a href=\"https:\/\/stmichel.re\/?p=11825\">Sortie rafting<\/a> (10\/04\/2018)<\/li>\n\t\t<li><a href=\"https:\/\/stmichel.re\/?p=11487\">T\u00e9l\u00e9thon 2017<\/a> (03\/12\/2017)<\/li>\n\t\t<li><a href=\"https:\/\/stmichel.re\/?p=11447\">Quelques photos du Cross 2017<\/a> (10\/10\/2017)<\/li>\n\t\t<li><a href=\"https:\/\/stmichel.re\/?p=10965\">Basket UNSS<\/a> (23\/06\/2017)<\/li>\n\t\t<li><a href=\"https:\/\/stmichel.re\/?p=10813\">Sortie Kayak \u00e0 Ste Suzanne<\/a> (17\/05\/2017)<\/li>\n\t\t<li><a href=\"https:\/\/stmichel.re\/?p=10714\">Les sportifs \u00e0 l'honneur<\/a> (25\/04\/2017)<\/li>\n\t\t<li><a href=\"https:\/\/stmichel.re\/?p=10174\">Champions de France <img src=\"https:\/\/stmichel.re\/wp_stm\/wp-includes\/images\/smilies\/icon_exclaim.gif\" alt=\"!\" class=\"wp-smiley\" style=\"height: 1em; max-height: 1em;\" \/><\/a> (30\/03\/2017)<\/li>\n\t\t<li><a href=\"https:\/\/stmichel.re\/?p=10150\">Nos lutteurs \u00e0 Paris - Episode 4<\/a> (29\/03\/2017)<\/li>\n\t\t<li><a href=\"https:\/\/stmichel.re\/?p=10146\">Nos lutteurs \u00e0 Paris - Episode 3<\/a> (28\/03\/2017)<\/li>\n\t\t<li><a href=\"https:\/\/stmichel.re\/?p=10075\">Nos lutteurs \u00e0 Paris - Episode 2<\/a> (27\/03\/2017)<\/li>\n\t\t<li><a href=\"https:\/\/stmichel.re\/?p=10072\">Nos lutteurs sont \u00e0 Paris<\/a> (27\/03\/2017)<\/li>\n\t\t<li><a href=\"https:\/\/stmichel.re\/?p=10067\">St Michel aux championnats de France de lutte<\/a> (24\/03\/2017)<\/li>\n\t\t<li><a href=\"https:\/\/stmichel.re\/?p=7963\">Les benjamins, champions d'acad\u00e9mie de foot <img src=\"https:\/\/stmichel.re\/wp_stm\/wp-includes\/images\/smilies\/icon_exclaim.gif\" alt=\"!\" class=\"wp-smiley\" style=\"height: 1em; max-height: 1em;\" \/><\/a> (29\/04\/2016)<\/li>\n\t\t<li><a href=\"https:\/\/stmichel.re\/?p=7267\">La vid\u00e9o du cross 2015 <img src=\"https:\/\/stmichel.re\/wp_stm\/wp-includes\/images\/smilies\/icon_exclaim.gif\" alt=\"!\" class=\"wp-smiley\" style=\"height: 1em; max-height: 1em;\" \/><\/a> (12\/12\/2015)<\/li>\n<\/ul><\/li>\n\t<li><strong>Cat\u00e9gorie : <a href=\"https:\/\/stmichel.re\/?cat=5\">Technologie<\/a><\/strong>\n<ul>\t\t<li><a href=\"https:\/\/stmichel.re\/?p=14889\">Tournoi robotique 2021<\/a> (16\/06\/2021)<\/li>\n\t\t<li><a href=\"https:\/\/stmichel.re\/?p=14493\">Les 3\u00e8mes pr\u00e9pa m\u00e9tiers au lyc\u00e9e<\/a> (06\/03\/2020)<\/li>\n\t\t<li><a href=\"https:\/\/stmichel.re\/?p=12079\">Troph\u00e9e Robotique<\/a> (23\/06\/2018)<\/li>\n\t\t<li><a href=\"https:\/\/stmichel.re\/?p=11197\">Tournoi Mini-Sumo<\/a> (04\/07\/2017)<\/li>\n\t\t<li><a href=\"https:\/\/stmichel.re\/?p=10883\">Troph\u00e9e Robotique<\/a> (19\/05\/2017)<\/li>\n\t\t<li><a href=\"https:\/\/stmichel.re\/?p=8353\">Tournoi robotique<\/a> (29\/06\/2016)<\/li>\n\t\t<li><a href=\"https:\/\/stmichel.re\/?p=2464\">Vous aimez jouer aux \"L\u00e9go\" <img src=\"https:\/\/stmichel.re\/wp_stm\/wp-includes\/images\/smilies\/icon_question.gif\" alt=\"?\" class=\"wp-smiley\" style=\"height: 1em; max-height: 1em;\" \/><\/a> (13\/12\/2012)<\/li>\n\t\t<li><a href=\"https:\/\/stmichel.re\/?p=918\">Le monde de l'\u00e9nergie<\/a> (13\/04\/2012)<\/li>\n\t\t<li><a href=\"https:\/\/stmichel.re\/?p=231\">CEA - Les \u00e9nergies<\/a> (05\/04\/2012)<\/li>\n\t\t<li><a href=\"https:\/\/stmichel.re\/?p=162\">Technoargia<\/a> (04\/04\/2012)<\/li>\n<\/ul><\/li>\n\t<li><strong>Cat\u00e9gorie : <a href=\"https:\/\/stmichel.re\/?cat=9\">Travaux d'\u00e9l\u00e8ves<\/a><\/strong>\n<ul>\t\t<li><a href=\"https:\/\/stmichel.re\/?p=13252\">Expos\u00e9s sur le th\u00e8me \"\u00e9cologie int\u00e9grale\"<\/a> (04\/03\/2019)<\/li>\n\t\t<li><a href=\"https:\/\/stmichel.re\/?p=11411\">Petits travaux de g\u00e9om\u00e9trie<\/a> (24\/09\/2017)<\/li>\n\t\t<li><a href=\"https:\/\/stmichel.re\/?p=10718\">L'eau, si pr\u00e9cieuse...<\/a> (26\/04\/2017)<\/li>\n\t\t<li><a href=\"https:\/\/stmichel.re\/?p=9616\">Un joli travail des 6\u00e8mes G<\/a> (27\/10\/2016)<\/li>\n<\/ul><\/li>\n\t<li><strong>Cat\u00e9gorie : <a href=\"https:\/\/stmichel.re\/?cat=20\">UNSS<\/a><\/strong>\n<ul>\t\t<li><a href=\"https:\/\/stmichel.re\/?p=13011\">Cross Acad\u00e9mique<\/a> (12\/02\/2019)<\/li>\n\t\t<li><a href=\"https:\/\/stmichel.re\/?p=9672\">Cross de District<\/a> (19\/11\/2016)<\/li>\n<\/ul><\/li>\n<\/ul>\n\n","protected":false},"excerpt":{"rendered":"","protected":false},"author":197,"featured_media":0,"parent":3788,"menu_order":0,"comment_status":"closed","ping_status":"open","template":"","meta":{"ngg_post_thumbnail":0,"footnotes":"","_links_to":"","_links_to_target":""},"class_list":["post-3792","page","type-page","status-publish","hentry"],"_links":{"self":[{"href":"https:\/\/stmichel.re\/index.php?rest_route=\/wp\/v2\/pages\/3792","targetHints":{"allow":["GET"]}}],"collection":[{"href":"https:\/\/stmichel.re\/index.php?rest_route=\/wp\/v2\/pages"}],"about":[{"href":"https:\/\/stmichel.re\/index.php?rest_route=\/wp\/v2\/types\/page"}],"author":[{"embeddable":true,"href":"https:\/\/stmichel.re\/index.php?rest_route=\/wp\/v2\/users\/197"}],"replies":[{"embeddable":true,"href":"https:\/\/stmichel.re\/index.php?rest_route=%2Fwp%2Fv2%2Fcomments&post=3792"}],"version-history":[{"count":0,"href":"https:\/\/stmichel.re\/index.php?rest_route=\/wp\/v2\/pages\/3792\/revisions"}],"up":[{"embeddable":true,"href":"https:\/\/stmichel.re\/index.php?rest_route=\/wp\/v2\/pages\/3788"}],"wp:attachment":[{"href":"https:\/\/stmichel.re\/index.php?rest_route=%2Fwp%2Fv2%2Fmedia&parent=3792"}],"curies":[{"name":"wp","href":"https:\/\/api.w.org\/{rel}","templated":true}]}}